{"id":25132,"date":"2023-07-19T09:27:58","date_gmt":"2023-07-19T07:27:58","guid":{"rendered":"https:\/\/www.justicepaix.be\/?page_id=25132"},"modified":"2024-07-03T16:50:15","modified_gmt":"2024-07-03T14:50:15","slug":"awareness-raising-citizen-animation","status":"publish","type":"page","link":"https:\/\/www.justicepaix.be\/en\/sensibilisation-animation-citoyenne\/","title":{"rendered":"Awareness raising &amp; citizen animation"},"content":{"rendered":"<div data-elementor-type=\"wp-page\" data-elementor-id=\"25132\" class=\"elementor elementor-25132\" data-elementor-post-type=\"page\">\n\t\t\t\t<div class=\"elementor-element elementor-element-6b8f928 e-con-full e-flex e-con e-parent\" data-id=\"6b8f928\" data-element_type=\"container\" data-e-type=\"container\" data-settings=\"{&quot;background_background&quot;:&quot;classic&quot;,&quot;shape_divider_bottom&quot;:&quot;opacity-tilt&quot;}\">\n\t\t\t\t<div class=\"elementor-shape elementor-shape-bottom\" aria-hidden=\"true\" data-negative=\"false\">\n\t\t\t<svg xmlns=\"http:\/\/www.w3.org\/2000\/svg\" viewbox=\"0 0 2600 131.1\" preserveaspectratio=\"none\">\n\t<path class=\"elementor-shape-fill\" d=\"M0 0L2600 0 2600 69.1 0 0z\"\/>\n\t<path class=\"elementor-shape-fill\" style=\"opacity:0.5\" d=\"M0 0L2600 0 2600 69.1 0 69.1z\"\/>\n\t<path class=\"elementor-shape-fill\" style=\"opacity:0.25\" d=\"M2600 0L0 0 0 130.1 2600 69.1z\"\/>\n<\/svg>\t\t<\/div>\n\t\t<div class=\"elementor-element elementor-element-7b685d3 e-con-full e-flex e-con e-child\" data-id=\"7b685d3\" data-element_type=\"container\" data-e-type=\"container\" data-settings=\"{&quot;background_background&quot;:&quot;classic&quot;}\">\n\t\t\t\t<div data-dce-title-color=\"#FFFFFF\" class=\"elementor-element elementor-element-c95b3ab elementor-widget elementor-widget-heading\" data-id=\"c95b3ab\" data-element_type=\"widget\" data-e-type=\"widget\" data-widget_type=\"heading.default\">\n\t\t\t\t<div class=\"elementor-widget-container\">\n\t\t\t\t\t<h1 class=\"elementor-heading-title elementor-size-default\">Awareness raising &amp; citizen animation<\/h1>\t\t\t\t<\/div>\n\t\t\t\t<\/div>\n\t\t\t\t<div class=\"elementor-element elementor-element-f78c19a elementor-widget elementor-widget-text-editor\" data-id=\"f78c19a\" data-element_type=\"widget\" data-e-type=\"widget\" data-widget_type=\"text-editor.default\">\n\t\t\t\t<div class=\"elementor-widget-container\">\n\t\t\t\t\t\t\t\t\t<p>To raise awareness among the Belgian public about peace and justice issues, we use various levers of action: <a href=\"https:\/\/www.justicepaix.be\/en\/awareness-raising-citizen-animation\/#campagnes\">awareness campaigns<\/a>,\u00a0 <a href=\"https:\/\/www.justicepaix.be\/en\/awareness-raising-citizen-animation\/#animations\">citizen events<\/a>, etc. We also ensure a regular place <a href=\"https:\/\/www.justicepaix.be\/en\/awareness-raising-citizen-animation\/#presse\" rel=\"noopener\">in the Belgian media<\/a> ! Discover our actions.<\/p>\t\t\t\t\t\t\t\t<\/div>\n\t\t\t\t<\/div>\n\t\t\t\t<div class=\"elementor-element elementor-element-eb032bf elementor-view-stacked elementor-shape-square animated-slow elementor-widget__width-auto elementor-hidden-phone elementor-invisible elementor-widget elementor-widget-icon\" data-id=\"eb032bf\" data-element_type=\"widget\" data-e-type=\"widget\" data-settings=\"{&quot;_animation&quot;:&quot;fadeInDown&quot;,&quot;_animation_delay&quot;:&quot;500&quot;}\" data-widget_type=\"icon.default\">\n\t\t\t\t<div class=\"elementor-widget-container\">\n\t\t\t\t\t\t\t<div class=\"elementor-icon-wrapper\">\n\t\t\t<a class=\"elementor-icon\" href=\"#postcontent\">\n\t\t\t<svg xmlns=\"http:\/\/www.w3.org\/2000\/svg\" id=\"f25b46f8-6104-47c9-8f1f-d4f0f5a5a4ab\" data-name=\"Layer 1\" viewbox=\"0 0 29.6836 21.0205\"><g id=\"a26fc822-5ffa-4744-a954-69ee883c57fc\" data-name=\"Page-1\"><g id=\"e7225c7b-e0fd-4e80-862e-e0b5dc4817dd\" data-name=\"Homepage\"><g id=\"ff265e74-3d0d-41f0-8578-c6f49acc811d\" data-name=\"Hero-Section\"><g id=\"f51052c6-0c6f-4c17-be34-45f176eaa2d4\" data-name=\"Arrow\"><g id=\"feb9d568-7c65-469c-be1c-4c66f6fe508c\" data-name=\"Group-4\"><g id=\"bc1b2d43-18f4-4c4a-9ddb-f8784f1f793b\" data-name=\"Group-3\"><g id=\"ebcd3d89-a5d2-4028-bcf3-30228da45525\" data-name=\"Path-5\"><polygon points=\"14.63 21.021 0 10.824 0.572 10.004 14.638 19.808 29.123 10 29.684 10.828 14.63 21.021\"><\/polygon><\/g><\/g><g id=\"b8abb5e9-6116-405e-a9bd-8494dc15aaf6\" data-name=\"Group-3-Copy\"><g id=\"b94158a1-d237-43ab-9444-47634c5b7092\" data-name=\"Path-5\"><polygon points=\"14.63 11.021 0 0.824 0.572 0.004 14.638 9.808 29.123 0 29.684 0.828 14.63 11.021\"><\/polygon><\/g><\/g><\/g><\/g><\/g><\/g><\/g><\/svg>\t\t\t<\/a>\n\t\t<\/div>\n\t\t\t\t\t\t<\/div>\n\t\t\t\t<\/div>\n\t\t\t\t<\/div>\n\t\t\t\t<\/div>\n\t\t<div class=\"elementor-element elementor-element-f5e4032 e-flex e-con-boxed e-con e-parent\" data-id=\"f5e4032\" data-element_type=\"container\" data-e-type=\"container\" data-settings=\"{&quot;background_background&quot;:&quot;classic&quot;}\">\n\t\t\t\t\t<div class=\"e-con-inner\">\n\t\t<div class=\"elementor-element elementor-element-a00cfda e-con-full e-flex e-con e-child\" data-id=\"a00cfda\" data-element_type=\"container\" data-e-type=\"container\">\n\t\t\t\t<div class=\"elementor-element elementor-element-2920768 elementor-widget elementor-widget-heading\" data-id=\"2920768\" data-element_type=\"widget\" data-e-type=\"widget\" data-widget_type=\"heading.default\">\n\t\t\t\t<div class=\"elementor-widget-container\">\n\t\t\t\t\t<h2 class=\"elementor-heading-title elementor-size-xl\">Nos animations citoyennes<\/h2>\t\t\t\t<\/div>\n\t\t\t\t<\/div>\n\t\t\t\t<div class=\"elementor-element elementor-element-1feb9ae elementor-widget elementor-widget-text-editor\" data-id=\"1feb9ae\" data-element_type=\"widget\" data-e-type=\"widget\" data-widget_type=\"text-editor.default\">\n\t\t\t\t<div class=\"elementor-widget-container\">\n\t\t\t\t\t\t\t\t\t<p>We organize numerous events on themes anchored in our DNA.\u00a0<span style=\"color: var( --e-global-color-text ); font-family: var( --e-global-typography-text-font-family ), Sans-serif; font-size: 1rem; font-weight: var( --e-global-typography-text-font-weight );\">Conferences for the general public, webinars, debate screenings, discussions, round tables, etc.<br \/><\/span><\/p><p><strong>Retrouvez tous nos \u00e9v\u00e9nements dans <a href=\"https:\/\/www.justicepaix.be\/en\/agenda\/\" target=\"_blank\" rel=\"noopener\">our agenda<\/a> ou gr\u00e2ce \u00e0 <a href=\"https:\/\/www.justicepaix.be\/en\/inscription-newsletter\/\" target=\"_blank\" rel=\"noopener\">notre newsletter<\/a>.<\/strong><\/p>\t\t\t\t\t\t\t\t<\/div>\n\t\t\t\t<\/div>\n\t\t\t\t<\/div>\n\t\t<div class=\"elementor-element elementor-element-dee7f31 e-con-full e-flex e-con e-child\" data-id=\"dee7f31\" data-element_type=\"container\" data-e-type=\"container\">\n\t\t\t\t<div class=\"elementor-element elementor-element-eac98b3 elementor-widget elementor-widget-ucaddon_uc_slider_image\" data-id=\"eac98b3\" data-element_type=\"widget\" data-e-type=\"widget\" data-widget_type=\"ucaddon_uc_slider_image.default\">\n\t\t\t\t<div class=\"elementor-widget-container\">\n\t\t\t\t\t\n<!-- start Slider Gallery -->\n\t\t<link id='unitegallery-css' href='https:\/\/www.justicepaix.be\/wp-content\/plugins\/unlimited-elements-for-elementor-premium\/assets_libraries\/unitegallery\/css\/unite-gallery.css' type='text\/css' rel='stylesheet' >\n\n<style>\/* widget: Slider Gallery *\/\n\n#uc_uc_slider_image_elementor_eac98b3\n{\n  overflow:hidden;\n}\n\n#uc_uc_slider_image_elementor_eac98b3-wrapper\n{\n  min-height:1px;\n}\n\n<\/style>\n\n<div id=\"uc_uc_slider_image_elementor_eac98b3-wrapper\">\n<div id=\"uc_uc_slider_image_elementor_eac98b3\" class=\"uc-items-wrapper\" style=\"display:none; margin:0 auto;\"  data-remote-type=\"gallery\" data-custom-sethtml=\"true\" >\n\n\n<img decoding=\"async\" alt=\"IMG_6860\"\n   src=\"https:\/\/www.justicepaix.be\/wp-content\/uploads\/2024\/06\/IMG_6860-768x512.jpg\"\n    data-image=\"https:\/\/www.justicepaix.be\/wp-content\/uploads\/2024\/06\/IMG_6860-1024x683.jpg\"\n    data-title=\"IMG_6860\">\n\n<img decoding=\"async\" alt=\"3\"\n   src=\"https:\/\/www.justicepaix.be\/wp-content\/uploads\/2024\/06\/3-2-768x768.jpg\"\n    data-image=\"https:\/\/www.justicepaix.be\/wp-content\/uploads\/2024\/06\/3-2-1024x1024.jpg\"\n    data-title=\"3\">\n\n<img decoding=\"async\" alt=\"IMG_6758\"\n   src=\"https:\/\/www.justicepaix.be\/wp-content\/uploads\/2023\/01\/IMG_6758-768x512.jpg\"\n    data-image=\"https:\/\/www.justicepaix.be\/wp-content\/uploads\/2023\/01\/IMG_6758-1024x683.jpg\"\n    data-title=\"IMG_6758\">\n\n<img decoding=\"async\" alt=\"IMG_20220421_205210\"\n   src=\"https:\/\/www.justicepaix.be\/wp-content\/uploads\/2023\/01\/IMG_20220421_205210-768x1707.jpg\"\n    data-image=\"https:\/\/www.justicepaix.be\/wp-content\/uploads\/2023\/01\/IMG_20220421_205210-461x1024.jpg\"\n    data-title=\"IMG_20220421_205210\">\n\n<img decoding=\"async\" alt=\"image004\"\n   src=\"https:\/\/www.justicepaix.be\/wp-content\/uploads\/2024\/06\/image004-768x576.jpg\"\n    data-image=\"https:\/\/www.justicepaix.be\/wp-content\/uploads\/2024\/06\/image004.jpg\"\n    data-title=\"image004\">\n\n<img decoding=\"async\" alt=\"WhatsApp Image 2024-05-29 \u00e0 15.22\"\n   src=\"https:\/\/www.justicepaix.be\/wp-content\/uploads\/2024\/06\/WhatsApp-Image-2024-05-29-a-15.22.59_4fa52f40-768x576.jpg\"\n    data-image=\"https:\/\/www.justicepaix.be\/wp-content\/uploads\/2024\/06\/WhatsApp-Image-2024-05-29-a-15.22.59_4fa52f40-1024x768.jpg\"\n    data-title=\"WhatsApp Image 2024-05-29 \u00e0 15.22\">\n\n<img decoding=\"async\" alt=\"IMG_6050\"\n   src=\"https:\/\/www.justicepaix.be\/wp-content\/uploads\/2023\/01\/IMG_6050-768x512.jpg\"\n    data-image=\"https:\/\/www.justicepaix.be\/wp-content\/uploads\/2023\/01\/IMG_6050-1024x683.jpg\"\n    data-title=\"IMG_6050\">\n\n<img decoding=\"async\" alt=\"Intern analysis\"\n   src=\"https:\/\/www.justicepaix.be\/wp-content\/uploads\/2022\/12\/Analyse-stagiaire-768x533.jpg\"\n    data-image=\"https:\/\/www.justicepaix.be\/wp-content\/uploads\/2022\/12\/Analyse-stagiaire.jpg\"\n    data-title=\"Analyse-stagiaire\">\n\n  \n<\/div>\n<\/div>\n<!-- end Slider Gallery -->\t\t\t\t<\/div>\n\t\t\t\t<\/div>\n\t\t\t\t<\/div>\n\t\t\t\t\t<\/div>\n\t\t\t\t<\/div>\n\t\t<div class=\"elementor-element elementor-element-72c029a e-flex e-con-boxed e-con e-parent\" data-id=\"72c029a\" data-element_type=\"container\" data-e-type=\"container\">\n\t\t\t\t\t<div class=\"e-con-inner\">\n\t\t\t\t<div class=\"elementor-element elementor-element-0f18f8b elementor-widget elementor-widget-spacer\" data-id=\"0f18f8b\" data-element_type=\"widget\" data-e-type=\"widget\" data-widget_type=\"spacer.default\">\n\t\t\t\t<div class=\"elementor-widget-container\">\n\t\t\t\t\t\t\t<div class=\"elementor-spacer\">\n\t\t\t<div class=\"elementor-spacer-inner\"><\/div>\n\t\t<\/div>\n\t\t\t\t\t\t<\/div>\n\t\t\t\t<\/div>\n\t\t\t\t\t<\/div>\n\t\t\t\t<\/div>\n\t\t<div class=\"elementor-element elementor-element-96e9484 e-flex e-con-boxed e-con e-parent\" data-id=\"96e9484\" data-element_type=\"container\" data-e-type=\"container\">\n\t\t\t\t\t<div class=\"e-con-inner\">\n\t\t<div class=\"elementor-element elementor-element-28c2066 e-con-full e-flex e-con e-child\" data-id=\"28c2066\" data-element_type=\"container\" data-e-type=\"container\">\n\t\t\t\t<div class=\"elementor-element elementor-element-2860d69 elementor-widget elementor-widget-heading\" data-id=\"2860d69\" data-element_type=\"widget\" data-e-type=\"widget\" data-widget_type=\"heading.default\">\n\t\t\t\t<div class=\"elementor-widget-container\">\n\t\t\t\t\t<h2 class=\"elementor-heading-title elementor-size-xl\">Nos campagnes et outils de sensibilisation<\/h2>\t\t\t\t<\/div>\n\t\t\t\t<\/div>\n\t\t\t\t<div class=\"elementor-element elementor-element-3ce057f elementor-widget elementor-widget-text-editor\" data-id=\"3ce057f\" data-element_type=\"widget\" data-e-type=\"widget\" data-widget_type=\"text-editor.default\">\n\t\t\t\t<div class=\"elementor-widget-container\">\n\t\t\t\t\t\t\t\t\t<p>Nos campagnes sont bien souvent le fruit de longues discussions avec nos partenaires belges et internationaux. Celles-ci peuvent prendre diff\u00e9rentes formes. Retrouvez-les sur notre site ou sur nos r\u00e9seaux.<\/p>\t\t\t\t\t\t\t\t<\/div>\n\t\t\t\t<\/div>\n\t\t\t\t<\/div>\n\t\t<div class=\"elementor-element elementor-element-b683f61 e-con-full e-flex e-con e-child\" data-id=\"b683f61\" data-element_type=\"container\" data-e-type=\"container\">\n\t\t\t\t<div data-dce-text-color=\"#636363\" data-dce-title-color=\"#000000\" class=\"elementor-element elementor-element-617f129 elementor-widget elementor-widget-ucaddon_post_grid\" data-id=\"617f129\" data-element_type=\"widget\" data-e-type=\"widget\" data-widget_type=\"ucaddon_post_grid.default\">\n\t\t\t\t<div class=\"elementor-widget-container\">\n\t\t\t\t\t\n<!-- start Post Grid -->\n\t\t<link id='font-awesome-css' href='https:\/\/www.justicepaix.be\/wp-content\/plugins\/unlimited-elements-for-elementor-premium\/assets_libraries\/font-awesome6\/fontawesome-all.min.css' type='text\/css' rel='stylesheet' >\n\t\t<link id='font-awesome-4-shim-css' href='https:\/\/www.justicepaix.be\/wp-content\/plugins\/unlimited-elements-for-elementor-premium\/assets_libraries\/font-awesome6\/fontawesome-v4-shims.min.css' type='text\/css' rel='stylesheet' >\n\n<style>\/* widget: Post Grid *\/\n\n\n\n#uc_post_grid_elementor_617f129.uc_post_grid_style_one .uc_post_grid_style_one_wrap {\n   display:grid;\n}\n\n\n#uc_post_grid_elementor_617f129 .uc_post_grid_style_one_item\n{\n  position:relative;\n}\n\n#uc_post_grid_elementor_617f129 .uc_post_image\n{\n  transition:0.3s;\n  position:relative;\n  overflow:hidden;\n}\n\n#uc_post_grid_elementor_617f129 .uc_post_image img\n{\n  width:100%;\n  display:block;\n  transition:0.3s;\n}\n\n\n\t\n\n\n\n\n\n\n#uc_post_grid_elementor_617f129 .uc_post_image_overlay\n{\n  position:absolute;\n  top:0px;\n  left:0px;\n  height:100%;\n  width:100%;\n  transition:0.3s;\n}\n\n#uc_post_grid_elementor_617f129 .uc_more_btn-custom-field\n{\n  display:inline-block;\n  text-align:center;\n  text-decoration:none;\n  transition:0.3s;\n}\n\n#uc_post_grid_elementor_617f129 .uc_more_btn\n{\n  display:inline-block;\n  text-align:center;\n  text-decoration:none;\n  transition:0.3s;\n}\n\n.ue-grid-item-category a\n{\n  display:inline-block;\n  font-size:10px;\n  position: relative;\n  z-index: 1;\n}\n.uc_post_title\n{\n  font-size:21px;\n}\n\n\n\n#uc_post_grid_elementor_617f129 .ue_post_grid_item\n{\n  display:flex;\n  flex-direction:column;\n}\n\n#uc_post_grid_elementor_617f129.uc_post_grid_style_one .uc_content{\n flex-grow:1;\n}\n\n#uc_post_grid_elementor_617f129.uc_post_grid_style_one .uc_content > div\n{\n  height:100%;\n  display:flex;\n  flex-direction:column;\n  }\n\n  \n\n\n\n\n\n\n\n\n\n\n\n\n\n\n\n\n\n\n\n\n\n\n#uc_post_grid_elementor_617f129 .ue-meta-data\n{\n  \n  display:flex;\n\n  flex-wrap: wrap;\n  line-height:1em;\n}\n\n#uc_post_grid_elementor_617f129 .ue-grid-item-meta-data\n{\n      display:inline-flex;\n      align-items:center;\n}\n\n#uc_post_grid_elementor_617f129 .ue-grid-item-meta-data a{\n  color:inherit;\n}\n\n.ue-grid-item-meta-data\n{\n  font-size:12px;\n}\n\n#uc_post_grid_elementor_617f129 .ue-grid-item-meta-data-icon\n{\n  line-height:1em;\n}\n\n#uc_post_grid_elementor_617f129 .ue-grid-item-meta-data-icon svg\n{\n  width:1em;\n  height:1em;\n}\n\n#uc_post_grid_elementor_617f129 .ue-debug-meta\n{\n  padding:10px;\n  border:1px solid red;\n  position:relative;\n  line-height:1.5em;\n  font-size:11px;\n  width:100%;\n}\n\n#uc_post_grid_elementor_617f129 .uc_btn_inner\n{\n  display:inline-flex;\n  align-items:center;\n}\n\n#uc_post_grid_elementor_617f129 .uc_btn_inner svg\n{\n  width:1em;\n  height:1em;\n}\n\n\n\n\n\n\n\n\n<\/style>\n\n<div class=\"uc_post_grid_style_one uc-filterable-grid\" id=\"uc_post_grid_elementor_617f129\"  data-ajax='true'  data-filterbehave='ajax'  querydata='{&quot;count_posts&quot;:4,&quot;total_posts&quot;:6,&quot;page&quot;:1,&quot;num_pages&quot;:2}' >\n\t\t<div class=\"uc_post_grid_style_one_wrap ue_post_grid uc-items-wrapper\">\n\t\t\t\n\n\n\n<div id=\"uc_post_grid_elementor_617f129_item1\" class=\"uc_post_grid_style_one_item ue_post_grid_item ue-item elementor-animation-bob\">\n  \n      <a class=\"uc_post_grid_style_one_image\" href='https:\/\/www.justicepaix.be\/en\/une-crise-oubliee-aux-portes-de-kinshasa\/' target=\"_self\">\n     <div class=\"uc_post_image\">\n       <img loading=\"lazy\" decoding=\"async\" src=\"https:\/\/www.justicepaix.be\/wp-content\/uploads\/2025\/11\/LE-POIDS-DU-SILENCE-FR-NL.jpg\"  alt=\"LE POIDS DU SILENCE FR-NL\" width=\"600\" height=\"300\">\n       <div class=\"uc_post_image_overlay\"><\/div>\n     <\/div>\n    <\/a>\n   \n  <div class=\"uc_content\">\n    <div class=\"uc_content_inner\">\n      <div class=\"uc_content-info-wrapper\" >\n        \n                 \n        \t        \t\t      \t\t        \n        \t<div class=\"ue-grid-item-category\">\n                            \t              \t\t<a href=\"https:\/\/www.justicepaix.be\/en\/actualites\/\" class=\"actualites\">News<\/a>\n              \t                            \t              \t\t<a href=\"https:\/\/www.justicepaix.be\/en\/nos-publications\/articles-nos-publications\/\" class=\"actualites\">Items<\/a>\n              \t                            \t              \t\t<a href=\"https:\/\/www.justicepaix.be\/en\/nos-publications\/campagnes\/\" class=\"actualites\">Campaigns<\/a>\n              \t                            \t              \t\t<a href=\"https:\/\/www.justicepaix.be\/en\/nos-publications\/\" class=\"actualites\">Our publications<\/a>\n              \t                      \t<\/div>        \n      \n              \n\n            \t\t      \t\t\t<div class=\"uc_post_title\"><a class=\"\" href='https:\/\/www.justicepaix.be\/en\/une-crise-oubliee-aux-portes-de-kinshasa\/' target=\"_self\"><div class=\"ue_p_title\">Une crise oubli\u00e9e aux portes de Kinshasa\u00a0<\/div><\/a><\/div>\n      \t\t      \t\n                      \n       \n        <div class=\"ue-meta-data\">\n            \n            \n                \n        \n\t\n                \n                \n                \n                \n    \t\t\t\n      \n            \n  <\/div>\t\n           \n                 \n                            \n                                  \n     <\/div>                      \n                           \n \t<\/div>  <\/div>      \n        \n<\/div>\n\n\n\n\n<div id=\"uc_post_grid_elementor_617f129_item2\" class=\"uc_post_grid_style_one_item ue_post_grid_item ue-item elementor-animation-bob\">\n  \n      <a class=\"uc_post_grid_style_one_image\" href='https:\/\/www.justicepaix.be\/en\/la-culture-de-paix\/' target=\"_self\">\n     <div class=\"uc_post_image\">\n       <img loading=\"lazy\" decoding=\"async\" src=\"https:\/\/www.justicepaix.be\/wp-content\/uploads\/2024\/06\/Screenshot-2024-06-07-at-12-53-45-La-culture-de-paix.jpg\"  alt=\"Screenshot 2024-06-07 at 12-53-45 La culture de paix\" width=\"760\" height=\"744\">\n       <div class=\"uc_post_image_overlay\"><\/div>\n     <\/div>\n    <\/a>\n   \n  <div class=\"uc_content\">\n    <div class=\"uc_content_inner\">\n      <div class=\"uc_content-info-wrapper\" >\n        \n                 \n        \t        \t\t      \t\t        \n        \t<div class=\"ue-grid-item-category\">\n                            \t              \t\t<a href=\"https:\/\/www.justicepaix.be\/en\/actualites\/\" class=\"actualites\">News<\/a>\n              \t                            \t              \t\t<a href=\"https:\/\/www.justicepaix.be\/en\/outils-pedagogiques-notre-offre\/\" class=\"actualites\">Educational tools<\/a>\n              \t                      \t<\/div>        \n      \n              \n\n            \t\t      \t\t\t<div class=\"uc_post_title\"><a class=\"\" href='https:\/\/www.justicepaix.be\/en\/la-culture-de-paix\/' target=\"_self\"><div class=\"ue_p_title\">La Culture de Paix<\/div><\/a><\/div>\n      \t\t      \t\n                      \n       \n        <div class=\"ue-meta-data\">\n            \n            \n                \n        \n\t\n                \n                \n                \n                \n    \t\t\t\n      \n            \n  <\/div>\t\n           \n                 \n                            \n                                  \n     <\/div>                      \n                           \n \t<\/div>  <\/div>      \n        \n<\/div>\n\n\n\n\n<div id=\"uc_post_grid_elementor_617f129_item3\" class=\"uc_post_grid_style_one_item ue_post_grid_item ue-item elementor-animation-bob\">\n  \n      <a class=\"uc_post_grid_style_one_image\" href='https:\/\/www.justicepaix.be\/en\/cerro-de-pasco-les-consequences-des-gigantesques-projets-miniers-video\/' target=\"_self\">\n     <div class=\"uc_post_image\">\n       <img loading=\"lazy\" decoding=\"async\" src=\"https:\/\/www.justicepaix.be\/wp-content\/uploads\/2023\/11\/IMG_20230420_092654-768x576.webp\"  alt=\"IMG_20230420_092654\" width=\"768\" height=\"576\">\n       <div class=\"uc_post_image_overlay\"><\/div>\n     <\/div>\n    <\/a>\n   \n  <div class=\"uc_content\">\n    <div class=\"uc_content_inner\">\n      <div class=\"uc_content-info-wrapper\" >\n        \n                 \n        \t        \t\t      \t\t        \n        \t<div class=\"ue-grid-item-category\">\n                            \t              \t\t<a href=\"https:\/\/www.justicepaix.be\/en\/actualites\/\" class=\"actualites\">News<\/a>\n              \t                            \t              \t\t<a href=\"https:\/\/www.justicepaix.be\/en\/nos-publications\/articles-nos-publications\/\" class=\"actualites\">Items<\/a>\n              \t                      \t<\/div>        \n      \n              \n\n            \t\t      \t\t\t<div class=\"uc_post_title\"><a class=\"\" href='https:\/\/www.justicepaix.be\/en\/cerro-de-pasco-les-consequences-des-gigantesques-projets-miniers-video\/' target=\"_self\"><div class=\"ue_p_title\">Cerro de Pasco<\/div><\/a><\/div>\n      \t\t      \t\n                      \n       \n        <div class=\"ue-meta-data\">\n            \n            \n                \n        \n\t\n                \n                \n                \n                \n    \t\t\t\n      \n            \n  <\/div>\t\n           \n                 \n                            \n                                  \n     <\/div>                      \n                           \n \t<\/div>  <\/div>      \n        \n<\/div>\n\n\n\n\n<div id=\"uc_post_grid_elementor_617f129_item4\" class=\"uc_post_grid_style_one_item ue_post_grid_item ue-item elementor-animation-bob\">\n  \n      <a class=\"uc_post_grid_style_one_image\" href='https:\/\/www.justicepaix.be\/en\/transition-ecologique-sobre-et-juste\/' target=\"_self\">\n     <div class=\"uc_post_image\">\n       <img loading=\"lazy\" decoding=\"async\" src=\"https:\/\/www.justicepaix.be\/wp-content\/uploads\/2022\/03\/Pour-une-transition-ecologique-sobre-et-juste-couv-event-500-\u00d7-262-px-1640-\u00d7-924-px-4-768x433.png\"  alt=\"Pour une transition \u00e9cologique sobre et juste couv \u00e9vent (500\u00a0\u00d7\u00a0262\u00a0px) (1640\u00a0\u00d7\u00a0924\u00a0px) (4)\" width=\"768\" height=\"433\">\n       <div class=\"uc_post_image_overlay\"><\/div>\n     <\/div>\n    <\/a>\n   \n  <div class=\"uc_content\">\n    <div class=\"uc_content_inner\">\n      <div class=\"uc_content-info-wrapper\" >\n        \n                 \n        \t        \t\t      \t\t        \n        \t<div class=\"ue-grid-item-category\">\n                            \t              \t\t<a href=\"https:\/\/www.justicepaix.be\/en\/nos-publications\/articles-nos-publications\/\" class=\"campagnes\">Items<\/a>\n              \t                            \t              \t\t<a href=\"https:\/\/www.justicepaix.be\/en\/nos-publications\/campagnes\/\" class=\"campagnes\">Campaigns<\/a>\n              \t                      \t<\/div>        \n      \n              \n\n            \t\t      \t\t\t<div class=\"uc_post_title\"><a class=\"\" href='https:\/\/www.justicepaix.be\/en\/transition-ecologique-sobre-et-juste\/' target=\"_self\"><div class=\"ue_p_title\">Pour une transition \u00e9cologique sobre et juste<\/div><\/a><\/div>\n      \t\t      \t\n                      \n       \n        <div class=\"ue-meta-data\">\n            \n            \n                \n        \n\t\n                \n                \n                \n                \n    \t\t\t\n      \n            \n  <\/div>\t\n           \n                 \n                            \n                                  \n     <\/div>                      \n                           \n \t<\/div>  <\/div>      \n        \n<\/div>\n\n\t\t<\/div>\n\t<\/div>\n\n\n\n  <div id=\"uc_post_grid_elementor_617f129_empty_message\" class=\"ue-no-posts-found\"  style=\"display:none\" >No posts found<\/div>\n\n\n<!-- end Post Grid -->\t\t\t\t<\/div>\n\t\t\t\t<\/div>\n\t\t\t\t<\/div>\n\t\t\t\t\t<\/div>\n\t\t\t\t<\/div>\n\t\t<div class=\"elementor-element elementor-element-66d2271 e-flex e-con-boxed e-con e-parent\" data-id=\"66d2271\" data-element_type=\"container\" data-e-type=\"container\">\n\t\t\t\t\t<div class=\"e-con-inner\">\n\t\t\t\t<div class=\"elementor-element elementor-element-6c33768 elementor-widget elementor-widget-spacer\" data-id=\"6c33768\" data-element_type=\"widget\" data-e-type=\"widget\" data-widget_type=\"spacer.default\">\n\t\t\t\t<div class=\"elementor-widget-container\">\n\t\t\t\t\t\t\t<div class=\"elementor-spacer\">\n\t\t\t<div class=\"elementor-spacer-inner\"><\/div>\n\t\t<\/div>\n\t\t\t\t\t\t<\/div>\n\t\t\t\t<\/div>\n\t\t\t\t\t<\/div>\n\t\t\t\t<\/div>\n\t\t<div class=\"elementor-element elementor-element-2159de2 e-flex e-con-boxed e-con e-parent\" data-id=\"2159de2\" data-element_type=\"container\" data-e-type=\"container\">\n\t\t\t\t\t<div class=\"e-con-inner\">\n\t\t<div class=\"elementor-element elementor-element-88008bf e-con-full e-flex e-con e-child\" data-id=\"88008bf\" data-element_type=\"container\" data-e-type=\"container\">\n\t\t\t\t<div class=\"elementor-element elementor-element-6fb14ac elementor-widget elementor-widget-heading\" data-id=\"6fb14ac\" data-element_type=\"widget\" data-e-type=\"widget\" data-widget_type=\"heading.default\">\n\t\t\t\t<div class=\"elementor-widget-container\">\n\t\t\t\t\t<h2 class=\"elementor-heading-title elementor-size-xl\">Justice &amp; Peace in the press<\/h2>\t\t\t\t<\/div>\n\t\t\t\t<\/div>\n\t\t\t\t<\/div>\n\t\t<div class=\"elementor-element elementor-element-4187831 e-con-full e-flex e-con e-child\" data-id=\"4187831\" data-element_type=\"container\" data-e-type=\"container\">\n\t\t\t\t<div class=\"elementor-element elementor-element-2d25e66 elementor-widget elementor-widget-text-editor\" data-id=\"2d25e66\" data-element_type=\"widget\" data-e-type=\"widget\" data-widget_type=\"text-editor.default\">\n\t\t\t\t<div class=\"elementor-widget-container\">\n\t\t\t\t\t\t\t\t\t<div>To raise awareness among as many Belgian citizens as possible, we ensure a presence in the Belgian daily press, the specialized press and on the radio.<\/div><div>Cartes blanches, interviews, communiqu\u00e9s de presse, etc. D\u00e9couvrez-les ici.<\/div>\t\t\t\t\t\t\t\t<\/div>\n\t\t\t\t<\/div>\n\t\t\t\t<\/div>\n\t\t\t\t\t<\/div>\n\t\t\t\t<\/div>\n\t\t<div class=\"elementor-element elementor-element-3600b4d e-flex e-con-boxed e-con e-parent\" data-id=\"3600b4d\" data-element_type=\"container\" data-e-type=\"container\">\n\t\t\t\t\t<div class=\"e-con-inner\">\n\t\t\t\t<div class=\"elementor-element elementor-element-6a6bdb2 elementor-widget elementor-widget-spacer\" data-id=\"6a6bdb2\" data-element_type=\"widget\" data-e-type=\"widget\" data-widget_type=\"spacer.default\">\n\t\t\t\t<div class=\"elementor-widget-container\">\n\t\t\t\t\t\t\t<div class=\"elementor-spacer\">\n\t\t\t<div class=\"elementor-spacer-inner\"><\/div>\n\t\t<\/div>\n\t\t\t\t\t\t<\/div>\n\t\t\t\t<\/div>\n\t\t<div class=\"elementor-element elementor-element-2cd807a e-con-full e-flex e-con e-child\" data-id=\"2cd807a\" data-element_type=\"container\" data-e-type=\"container\">\n\t\t\t\t<div class=\"elementor-element elementor-element-1ef4240 elementor-widget elementor-widget-ucaddon_ue_buttons_post_filter\" data-id=\"1ef4240\" data-element_type=\"widget\" data-e-type=\"widget\" data-widget_type=\"ucaddon_ue_buttons_post_filter.default\">\n\t\t\t\t<div class=\"elementor-widget-container\">\n\t\t\t\t\t\n<!-- start Tabs Filter -->\n\n<style>\/* widget: Tabs Filter *\/\n\n#uc_ue_buttons_post_filter_elementor_1ef4240.uc-filter-initing{\n    opacity:0.8;\n    cursor:default;\n}\n\n#uc_ue_buttons_post_filter_elementor_1ef4240 .ue-debug-meta\n{\n  font-size:10px;\n  border:1px solid red;\n  padding:10px;\n}\n\n#uc_ue_buttons_post_filter_elementor_1ef4240 .ue_taxonomy_image img\n{\n  display:block;\n}\n\n#uc_ue_buttons_post_filter_elementor_1ef4240.ue_taxonomy\n{\n  flex-wrap: wrap;\n}\n\n#uc_ue_buttons_post_filter_elementor_1ef4240 a.ue_taxonomy_item\n{\n  display:block;\n}\n\n\n\n#uc_ue_buttons_post_filter_elementor_1ef4240 .uc-item-hidden{\n\tdisplay:none !important;\n}\n\n\n#uc_ue_buttons_post_filter_elementor_1ef4240.uc-filter-initing a{\n   cursor:default;\n   background-color:lightgray !important;\n}\n\n#uc_ue_buttons_post_filter_elementor_1ef4240.uc-filter-initing .ue_taxonomy_item_content{\n\tvisibility:hidden;\n}\n\n\n\n\n#uc_ue_buttons_post_filter_elementor_1ef4240.uc-filter-hidden,\n#uc_ue_buttons_post_filter_elementor_1ef4240.uc-filter-initing.uc-initing-filter-hidden{\n  display:none !important;\n}\n\n\n#uc_ue_buttons_post_filter_elementor_1ef4240 .ue_taxonomy_item_content\n{\n  display:flex;\n  align-items:center;\n}\n\n#uc_ue_buttons_post_filter_elementor_1ef4240 .ue_taxonomy_item_icon\n{\n  flex-grow:0;\n  flex-shrink:0;\n}\n\n#uc_ue_buttons_post_filter_elementor_1ef4240 .ue_taxonomy_item_icon_spacer\n{\n  flex-grow:0;\n  flex-shrink:0;\n}\n\n#uc_ue_buttons_post_filter_elementor_1ef4240 .ue_taxonomy_item_num_posts\n{\n  flex-grow:0;\n  flex-shrink:0;\n}\n\n#uc_ue_buttons_post_filter_elementor_1ef4240 .ue_taxonomy_item_title\n{\n  flex-grow:1;\n}\n\n\n#uc_ue_buttons_post_filter_elementor_1ef4240 .ue_taxonomy_item_num_posts_spacer\n{\n  flex-grow:0;\n  flex-shrink:0;\n}\n\n#uc_ue_buttons_post_filter_elementor_1ef4240 .uc-hide-loading-item{\n\tdisplay:none !important;\n}\n\n\n#uc_ue_buttons_post_filter_elementor_1ef4240-toggle\n{\n  display:none;\n}\n\n#uc_ue_buttons_post_filter_elementor_1ef4240-toggle .#uc_ue_buttons_post_filter_elementor_1ef4240-toggle\n{\n  display:none;\n}\n\n#uc_ue_buttons_post_filter_elementor_1ef4240-toggle .ue_taxonomy_toggle_icon\n{\n  display:inline-flex;\n  align-items:center;\n  justify-content:center;\n  line-height:1em;\n  cursor:pointer;\n}\n\n#uc_ue_buttons_post_filter_elementor_1ef4240-toggle .ue_taxonomy_toggle_icon svg\n{\n  height:1em;\n  width:1em;\n}\n\n\n#uc_ue_buttons_post_filter_elementor_1ef4240-toggle .ue_taxonomy_toggle_icon_close\n{\n  display:none;\n}\n\n  #uc_ue_buttons_post_filter_elementor_1ef4240 .uc-item-all .ue_taxonomy_item_num_posts_spacer,\n  #uc_ue_buttons_post_filter_elementor_1ef4240 .uc-item-all .ue_taxonomy_item_num_posts{\n\t \tdisplay:none !important;\n  }\n\n\n\n\n<\/style>\n\n\n<div class=\"ue_taxonomy_toggle\" id=\"uc_ue_buttons_post_filter_elementor_1ef4240-toggle\">\n  <div class=\"ue_taxonomy_toggle_icon\">\n    <div class=\"ue_taxonomy_toggle_icon_open\"><i class='fas fa-bars'><\/i><\/div>\n    <div class=\"ue_taxonomy_toggle_icon_close\"><i class='fas fa-times'><\/i><\/div>\n  <\/div>\n<\/div>\n\n\n<div id=\"uc_ue_buttons_post_filter_elementor_1ef4240-container\">\n  \n<div id=\"uc_ue_buttons_post_filter_elementor_1ef4240\" class=\"ue_taxonomy  uc-grid-filter uc-filter-initing\" data-isfilter=\"\" data-filtertype=\"terms_list\"  data-initafter=\"true\" style=\"\">\n    \n    \n  \n      \n        \n  \t<a href=\"javascript:void(0)\" class=\"ue_taxonomy_item  uc-item-all uc-selected  uc-filter-item-hidden\"     >\n          \n          \n   \n      \n    <div class=\"ue_taxonomy_item_content\">\n            <span  class=\"ue_taxonomy_item_title\">All<\/span>\n          <\/div>\n      \n            \n      \n            \n  <\/a>\n  \n  \n  \n  \n  \n  \n      \n        \n  \t<a href=\"javascript:void(0)\" class=\"ue_taxonomy_item   uc-filter-item-hidden\"  data-id=\"2846\" data-type=\"term\" data-slug=\"dans-les-medias\" data-taxonomy=\"category\" data-title=\"Articles de presse\" data-key=\"term|category|dans-les-medias\"     >\n          \n          \n   \n      \n    <div class=\"ue_taxonomy_item_content\">\n            <span  class=\"ue_taxonomy_item_title\">Press articles<\/span>\n          <\/div>\n      \n            \n      \n            \n  <\/a>\n  \n  \n  \n  \n  \n  \n      \n        \n  \t<a href=\"javascript:void(0)\" class=\"ue_taxonomy_item   uc-filter-item-hidden\"  data-id=\"2720\" data-type=\"term\" data-slug=\"communiques-de-presse\" data-taxonomy=\"category\" data-title=\"Communiqu\u00e9s de presse\" data-key=\"term|category|communiques-de-presse\"     >\n          \n          \n   \n      \n    <div class=\"ue_taxonomy_item_content\">\n            <span  class=\"ue_taxonomy_item_title\">Press Releases<\/span>\n          <\/div>\n      \n            \n      \n            \n  <\/a>\n  \n  \n  \n  \n  \n    \n<\/div>\n\n  \n<\/div>\n\n<!-- end Tabs Filter -->\t\t\t\t<\/div>\n\t\t\t\t<\/div>\n\t\t\t\t<div class=\"elementor-element elementor-element-ceb4f9f elementor-widget elementor-widget-ucaddon_posts_search_filter\" data-id=\"ceb4f9f\" data-element_type=\"widget\" data-e-type=\"widget\" data-widget_type=\"ucaddon_posts_search_filter.default\">\n\t\t\t\t<div class=\"elementor-widget-container\">\n\t\t\t\t\t\n<!-- start Search Filter -->\n\n<style>\/* widget: Search Filter *\/\n\n#uc_posts_search_filter_elementor_ceb4f9f-wrapper\n{\n  display:flex;\n}\n\n#uc_posts_search_filter_elementor_ceb4f9f\n{\n  width:100%;\n}\n#uc_posts_search_filter_elementor_ceb4f9f .uc-search-filter__input\n{\n  width:100%;\n  flex-grow:1;\n}\n\n#uc_posts_search_filter_elementor_ceb4f9f .uc-search-filter-btn\n{\n  display:flex;\n  align-items:center;\n  flex-grow:0;\n  flex-shrink:0;\n}\n\n#uc_posts_search_filter_elementor_ceb4f9f .uc-search-filter-input-wrapper\n{\n  position: relative;\n  display:flex;\n  align-items:center;\n}\n\n\n#uc_posts_search_filter_elementor_ceb4f9f .uc-search-filter-btn .ue-btn-icon\n{\n  line-height:1em;\n}\n\n\n\n#uc_posts_search_filter_elementor_ceb4f9f .uc-search-filter-btn .ue-btn-icon svg\n{\n  height:1em;\n  width:1em;\n}\n\n#uc_posts_search_filter_elementor_ceb4f9f ::-webkit-input-placeholder { \/* Edge *\/\n  color: #909090;\n}\n\n#uc_posts_search_filter_elementor_ceb4f9f :-ms-input-placeholder { \/* Internet Explorer 10-11 *\/\n  color: #909090;\n}\n\n#uc_posts_search_filter_elementor_ceb4f9f ::placeholder {\n  color: #909090;\n}\n\n#uc_posts_search_filter_elementor_ceb4f9f .uc-search-filter-indicator{\n\tposition: absolute;\n  \ttop: 50%;\n    transform: translate(0, -50%);\n    height: 100%;\n  \tdisplay: flex;\n    align-items: center;\n    justify-content: center;\n}\n\n<\/style>\n\n<div class=\"uc-search-filter-wrapper\" id=\"uc_posts_search_filter_elementor_ceb4f9f-wrapper\" >\n  <div id=\"uc_posts_search_filter_elementor_ceb4f9f\" class=\"uc-search-filter uc-grid-filter\" data-filtertype=\"search\"> \n\n      \n      <div class=\"uc-search-filter-input-wrapper\">\n\n        <input type=\"text\" class=\"uc-search-filter__input\" placeholder=\"Rechercher\">\n\n        \n                      <div class=\"uc-search-filter-indicator\"><i class='fas fa-search'><\/i><\/div>\n          \n\n      <\/div>\n\n  <\/div>\n<\/div>\n<!-- end Search Filter -->\t\t\t\t<\/div>\n\t\t\t\t<\/div>\n\t\t\t\t<div data-dce-text-color=\"#636363\" data-dce-title-color=\"#000000\" class=\"elementor-element elementor-element-454d8b2 elementor-widget elementor-widget-ucaddon_post_grid\" data-id=\"454d8b2\" data-element_type=\"widget\" data-e-type=\"widget\" data-widget_type=\"ucaddon_post_grid.default\">\n\t\t\t\t<div class=\"elementor-widget-container\">\n\t\t\t\t\t\n<!-- start Post Grid -->\n\n<style>\/* widget: Post Grid *\/\n\n\n\n#uc_post_grid_elementor_454d8b2.uc_post_grid_style_one .uc_post_grid_style_one_wrap {\n   display:grid;\n}\n\n\n#uc_post_grid_elementor_454d8b2 .uc_post_grid_style_one_item\n{\n  position:relative;\n}\n\n#uc_post_grid_elementor_454d8b2 .uc_post_image\n{\n  transition:0.3s;\n  position:relative;\n  overflow:hidden;\n}\n\n#uc_post_grid_elementor_454d8b2 .uc_post_image img\n{\n  width:100%;\n  display:block;\n  transition:0.3s;\n}\n\n\n\t\n\n\n\n\n\n\n#uc_post_grid_elementor_454d8b2 .uc_post_image_overlay\n{\n  position:absolute;\n  top:0px;\n  left:0px;\n  height:100%;\n  width:100%;\n  transition:0.3s;\n}\n\n#uc_post_grid_elementor_454d8b2 .uc_more_btn-custom-field\n{\n  display:inline-block;\n  text-align:center;\n  text-decoration:none;\n  transition:0.3s;\n}\n\n#uc_post_grid_elementor_454d8b2 .uc_more_btn\n{\n  display:inline-block;\n  text-align:center;\n  text-decoration:none;\n  transition:0.3s;\n}\n\n.ue-grid-item-category a\n{\n  display:inline-block;\n  font-size:10px;\n  position: relative;\n  z-index: 1;\n}\n.uc_post_title\n{\n  font-size:21px;\n}\n\n\n\n#uc_post_grid_elementor_454d8b2 .ue_post_grid_item\n{\n  display:flex;\n  flex-direction:column;\n}\n\n#uc_post_grid_elementor_454d8b2.uc_post_grid_style_one .uc_content{\n flex-grow:1;\n}\n\n#uc_post_grid_elementor_454d8b2.uc_post_grid_style_one .uc_content > div\n{\n  height:100%;\n  display:flex;\n  flex-direction:column;\n  }\n\n  \n\n\n\n\n\n\n\n\n\n\n\n\n\n\n\n\n\n\n\n\n\n\n#uc_post_grid_elementor_454d8b2 .ue-meta-data\n{\n  \n  display:flex;\n\n  flex-wrap: wrap;\n  line-height:1em;\n}\n\n#uc_post_grid_elementor_454d8b2 .ue-grid-item-meta-data\n{\n      display:inline-flex;\n      align-items:center;\n}\n\n#uc_post_grid_elementor_454d8b2 .ue-grid-item-meta-data a{\n  color:inherit;\n}\n\n.ue-grid-item-meta-data\n{\n  font-size:12px;\n}\n\n#uc_post_grid_elementor_454d8b2 .ue-grid-item-meta-data-icon\n{\n  line-height:1em;\n}\n\n#uc_post_grid_elementor_454d8b2 .ue-grid-item-meta-data-icon svg\n{\n  width:1em;\n  height:1em;\n}\n\n#uc_post_grid_elementor_454d8b2 .ue-debug-meta\n{\n  padding:10px;\n  border:1px solid red;\n  position:relative;\n  line-height:1.5em;\n  font-size:11px;\n  width:100%;\n}\n\n#uc_post_grid_elementor_454d8b2 .uc_btn_inner\n{\n  display:inline-flex;\n  align-items:center;\n}\n\n#uc_post_grid_elementor_454d8b2 .uc_btn_inner svg\n{\n  width:1em;\n  height:1em;\n}\n\n\n\n\n\n\n\n\n<\/style>\n\n<div class=\"uc_post_grid_style_one uc-filterable-grid\" id=\"uc_post_grid_elementor_454d8b2\"  data-ajax='true'  data-filterbehave='ajax'  querydata='{&quot;count_posts&quot;:4,&quot;total_posts&quot;:335,&quot;page&quot;:1,&quot;num_pages&quot;:84}' >\n\t\t<div class=\"uc_post_grid_style_one_wrap ue_post_grid uc-items-wrapper\">\n\t\t\t\n\n\n\n<div id=\"uc_post_grid_elementor_454d8b2_item1\" class=\"uc_post_grid_style_one_item ue_post_grid_item ue-item\">\n  \n      <a class=\"uc_post_grid_style_one_image\" href='https:\/\/www.justicepaix.be\/en\/la-belgique-doit-condamner-fermement-les-sanctions-des-etats-unis-contre-les-organisations-palestiniennes-de-defense-des-droits-humains\/' target=\"_self\">\n     <div class=\"uc_post_image\">\n       <img loading=\"lazy\" decoding=\"async\" src=\"https:\/\/www.justicepaix.be\/wp-content\/uploads\/2025\/09\/three-logos-twitter-post-1757070-768x432.jpg\"  alt=\"three-logos-twitter-post-1757070\" width=\"768\" height=\"432\">\n       <div class=\"uc_post_image_overlay\"><\/div>\n     <\/div>\n    <\/a>\n   \n  <div class=\"uc_content\">\n    <div class=\"uc_content_inner\">\n      <div class=\"uc_content-info-wrapper\" >\n        \n                 \n        \t        \t\t      \t\t        \n        \t<div class=\"ue-grid-item-category\">\n                            \t              \t\t<a href=\"https:\/\/www.justicepaix.be\/en\/actualites\/\" class=\"actualites\">News<\/a>\n              \t                            \t              \t\t<a href=\"https:\/\/www.justicepaix.be\/en\/nos-publications\/communiques-de-presse\/\" class=\"actualites\">Press Releases<\/a>\n              \t                            \t              \t\t<a href=\"https:\/\/www.justicepaix.be\/en\/nos-publications\/plaidoyer-politique\/\" class=\"actualites\">Political advocacy<\/a>\n              \t                      \t<\/div>        \n      \n              \n\n            \t\t      \t\t\t<div class=\"uc_post_title\"><a class=\"\" href='https:\/\/www.justicepaix.be\/en\/la-belgique-doit-condamner-fermement-les-sanctions-des-etats-unis-contre-les-organisations-palestiniennes-de-defense-des-droits-humains\/' target=\"_self\"><div class=\"ue_p_title\">La Belgique doit condamner fermement les sanctions des \u00c9tats-Unis contre les organisations palestiniennes de d\u00e9fense des droits humains<\/div><\/a><\/div>\n      \t\t      \t\n                      \n       \n        <div class=\"ue-meta-data\">\n            \n            \n                \n        \n\t\n                \n                \n                \n                \n    \t\t\t\n      \n            \n  <\/div>\t\n      \t<div class=\"uc_post_text\">D\u00e9claration commune de la soci\u00e9t\u00e9 civile belge sur les sanctions contre Al Haq, Al Mezan et PCHR\n\n\n[UPDATE...<\/div>\n     \n                 \n                            \n                                  \n     <\/div>                      \n                           \n \t<\/div>  <\/div>      \n        \n<\/div>\n\n\n\n\n<div id=\"uc_post_grid_elementor_454d8b2_item2\" class=\"uc_post_grid_style_one_item ue_post_grid_item ue-item\">\n  \n      <a class=\"uc_post_grid_style_one_image\" href='https:\/\/www.justicepaix.be\/en\/conflit-israelo-palestinien-des-associations-plaident-pour-cesser-les-services-et-les-investissements-avec-israel-la-libre\/' target=\"_self\">\n     <div class=\"uc_post_image\">\n       <img loading=\"lazy\" decoding=\"async\" src=\"https:\/\/www.justicepaix.be\/wp-content\/uploads\/2022\/09\/MISFKBIKJVFZ3LSME24QBK7NUQ.jpg\"  alt=\"The free\" width=\"228\" height=\"228\">\n       <div class=\"uc_post_image_overlay\"><\/div>\n     <\/div>\n    <\/a>\n   \n  <div class=\"uc_content\">\n    <div class=\"uc_content_inner\">\n      <div class=\"uc_content-info-wrapper\" >\n        \n                 \n        \t        \t\t      \t\t        \n        \t<div class=\"ue-grid-item-category\">\n                            \t              \t\t<a href=\"https:\/\/www.justicepaix.be\/en\/actualites\/\" class=\"actualites\">News<\/a>\n              \t                            \t              \t\t<a href=\"https:\/\/www.justicepaix.be\/en\/dans-les-medias\/\" class=\"actualites\">Press articles<\/a>\n              \t                            \t              \t\t<a href=\"https:\/\/www.justicepaix.be\/en\/nos-publications\/communiques-de-presse\/\" class=\"actualites\">Press Releases<\/a>\n              \t                            \t              \t\t<a href=\"https:\/\/www.justicepaix.be\/en\/nos-publications\/plaidoyer-politique\/\" class=\"actualites\">Political advocacy<\/a>\n              \t                      \t<\/div>        \n      \n              \n\n            \t\t      \t\t\t<div class=\"uc_post_title\"><a class=\"\" href='https:\/\/www.justicepaix.be\/en\/conflit-israelo-palestinien-des-associations-plaident-pour-cesser-les-services-et-les-investissements-avec-israel-la-libre\/' target=\"_self\"><div class=\"ue_p_title\">Conflit isra\u00e9lo-palestinien - Des associations plaident pour cesser les services et les investissements avec Isra\u00ebl - La Libre<\/div><\/a><\/div>\n      \t\t      \t\n                      \n       \n        <div class=\"ue-meta-data\">\n            \n            \n                \n        \n\t\n                \n                \n                \n                \n    \t\t\t\n      \n            \n  <\/div>\t\n      \t<div class=\"uc_post_text\">\u00a0NOUVEAU RAPPORT d&rsquo;Oxfam: Stop au commerce avec les colonies isra\u00e9liennes ill\u00e9gales.\n\n\nAujourd\u2019hui,...<\/div>\n     \n                 \n                            \n                                  \n     <\/div>                      \n                           \n \t<\/div>  <\/div>      \n        \n<\/div>\n\n\n\n\n<div id=\"uc_post_grid_elementor_454d8b2_item3\" class=\"uc_post_grid_style_one_item ue_post_grid_item ue-item\">\n  \n      <a class=\"uc_post_grid_style_one_image\" href='https:\/\/www.justicepaix.be\/en\/justice-paix-et-la-decolonisation-notre-position\/' target=\"_self\">\n     <div class=\"uc_post_image\">\n       <img loading=\"lazy\" decoding=\"async\" src=\"https:\/\/www.justicepaix.be\/wp-content\/uploads\/2025\/07\/PXL_20250506_074550758-768x1020.jpg\"  alt=\"PXL_20250506_074550758\" width=\"768\" height=\"1020\">\n       <div class=\"uc_post_image_overlay\"><\/div>\n     <\/div>\n    <\/a>\n   \n  <div class=\"uc_content\">\n    <div class=\"uc_content_inner\">\n      <div class=\"uc_content-info-wrapper\" >\n        \n                 \n        \t        \t\t      \t\t        \n        \t<div class=\"ue-grid-item-category\">\n                            \t              \t\t<a href=\"https:\/\/www.justicepaix.be\/en\/activites\/\" class=\"activites\">Activities<\/a>\n              \t                            \t              \t\t<a href=\"https:\/\/www.justicepaix.be\/en\/nos-publications\/communiques-de-presse\/\" class=\"activites\">Press Releases<\/a>\n              \t                            \t              \t\t<a href=\"https:\/\/www.justicepaix.be\/en\/nos-publications\/\" class=\"activites\">Our publications<\/a>\n              \t                            \t              \t\t<a href=\"https:\/\/www.justicepaix.be\/en\/nos-publications\/plaidoyer-politique\/\" class=\"activites\">Political advocacy<\/a>\n              \t                      \t<\/div>        \n      \n              \n\n            \t\t      \t\t\t<div class=\"uc_post_title\"><a class=\"\" href='https:\/\/www.justicepaix.be\/en\/justice-paix-et-la-decolonisation-notre-position\/' target=\"_self\"><div class=\"ue_p_title\">Justice &amp; Paix et la d\u00e9colonisation - Notre position<\/div><\/a><\/div>\n      \t\t      \t\n                      \n       \n        <div class=\"ue-meta-data\">\n            \n            \n                \n        \n\t\n                \n                \n                \n                \n    \t\t\t\n      \n            \n  <\/div>\t\n      \t<div class=\"uc_post_text\">Une r\u00e9flexion critique sur la d\u00e9colonisation\n\n\nCes derni\u00e8res ann\u00e9es, les questions li\u00e9es aux m\u00e9moires...<\/div>\n     \n                 \n                            \n                                  \n     <\/div>                      \n                           \n \t<\/div>  <\/div>      \n        \n<\/div>\n\n\n\n\n<div id=\"uc_post_grid_elementor_454d8b2_item4\" class=\"uc_post_grid_style_one_item ue_post_grid_item ue-item\">\n  \n      <a class=\"uc_post_grid_style_one_image\" href='https:\/\/www.justicepaix.be\/en\/le-omnibus-package-i-un-recul-dangereux-pour-les-droits-humains-dans-le-secteur-minier\/' target=\"_self\">\n     <div class=\"uc_post_image\">\n       <img loading=\"lazy\" decoding=\"async\" src=\"https:\/\/www.justicepaix.be\/wp-content\/uploads\/2025\/06\/MEDIAS-768x768.jpg\"  alt=\"M\u00c9DIAS\" width=\"768\" height=\"768\">\n       <div class=\"uc_post_image_overlay\"><\/div>\n     <\/div>\n    <\/a>\n   \n  <div class=\"uc_content\">\n    <div class=\"uc_content_inner\">\n      <div class=\"uc_content-info-wrapper\" >\n        \n                 \n        \t        \t\t      \t\t        \n        \t<div class=\"ue-grid-item-category\">\n                            \t              \t\t<a href=\"https:\/\/www.justicepaix.be\/en\/actualites\/\" class=\"actualites\">News<\/a>\n              \t                            \t              \t\t<a href=\"https:\/\/www.justicepaix.be\/en\/nos-publications\/communiques-de-presse\/\" class=\"actualites\">Press Releases<\/a>\n              \t                            \t              \t\t<a href=\"https:\/\/www.justicepaix.be\/en\/nos-publications\/plaidoyer-politique\/\" class=\"actualites\">Political advocacy<\/a>\n              \t                      \t<\/div>        \n      \n              \n\n            \t\t      \t\t\t<div class=\"uc_post_title\"><a class=\"\" href='https:\/\/www.justicepaix.be\/en\/le-omnibus-package-i-un-recul-dangereux-pour-les-droits-humains-dans-le-secteur-minier\/' target=\"_self\"><div class=\"ue_p_title\">Le \u00ab Omnibus Package I \u00bb : un recul dangereux pour les droits humains dans le secteur minier\u00a0<\/div><\/a><\/div>\n      \t\t      \t\n                      \n       \n        <div class=\"ue-meta-data\">\n            \n            \n                \n        \n\t\n                \n                \n                \n                \n    \t\t\t\n      \n            \n  <\/div>\t\n      \t<div class=\"uc_post_text\">Justice &amp; Paix et d\u2019autres organisations de la soci\u00e9t\u00e9 civile, membres de la EU Raw Materials Coalition,...<\/div>\n     \n                 \n                            \n                                  \n     <\/div>                      \n                           \n \t<\/div>  <\/div>      \n        \n<\/div>\n\n\t\t<\/div>\n\t<\/div>\n\n\n\n  <div id=\"uc_post_grid_elementor_454d8b2_empty_message\" class=\"ue-no-posts-found\"  style=\"display:none\" >No posts found<\/div>\n\n\n<!-- end Post Grid -->\t\t\t\t<\/div>\n\t\t\t\t<\/div>\n\t\t\t\t<div class=\"elementor-element elementor-element-bd2508e elementor-widget elementor-widget-ucaddon_load_more_filter\" data-id=\"bd2508e\" data-element_type=\"widget\" data-e-type=\"widget\" data-widget_type=\"ucaddon_load_more_filter.default\">\n\t\t\t\t<div class=\"elementor-widget-container\">\n\t\t\t\t\t\n<!-- start Load More \/ Infinite Scroll -->\n<style>\/* widget: Load More \/ Infinite Scroll *\/\n\n#uc_load_more_filter_elementor_bd2508e.uc-ajax-loading{\n\topacity:1 !important;\n}\n\n#uc_load_more_filter_elementor_bd2508e.uc-ajax-loading .uc-filter-load-more__loader{\n   display:inline-block !important;\n   color:#C48E00;\n}\n\n\n#uc_load_more_filter_elementor_bd2508e.uc-ajax-loading .uc-filter-load-more__link{\n   display:none;  \n}\n\n#uc_load_more_filter_elementor_bd2508e  .uc-filter-load-more__link\n{\n  text-align:center;\n}\n\n#uc_load_more_filter_elementor_bd2508e .uc-load-more-wrapper\n{\n  display:inline-flex;\n  align-items:center;\n  justify-content:center;\n}\n\n<\/style>\n\n\n<div id=\"uc_load_more_filter_elementor_bd2508e\" class=\"uc-grid-filter uc-filter-load-more\" data-numitems=\"\" data-affect_single_grid=\"false\">\n  \n    \n    <span class=\"uc-filter-load-more__data\" data-more=\"1\" data-nextoffset=\"4\" ><\/span>\n    \n    <a href=\"javascript:void(0)\" class=\"uc-filter-load-more__link\">Charger plus<\/a>\n  \n  \t<span class=\"uc-filter-load-more__loader\" style=\"display:none\">\n      <div class=\"uc-load-more-wrapper\">\n                      <div class=\"uc-loading-image\">\n                \n                   <svg xmlns=\"http:\/\/www.w3.org\/2000\/svg\" xmlns:xlink=\"http:\/\/www.w3.org\/1999\/xlink\" x=\"0px\" y=\"0px\"  viewbox=\"0 0 32 32\"><g stroke-width=\"1\" transform=\"translate(0.5, 0.5)\"><g class=\"nc-loop-bars-rotate-32-icon-o\" stroke-width=\"1\"><line fill=\"none\" stroke=\"#C48E00\" stroke-linecap=\"square\" stroke-width=\"1\" x1=\"31\" x2=\"26\" y1=\"16\" y2=\"16\" stroke-linejoin=\"miter\"><\/line><line fill=\"none\" stroke=\"#C48E00\" stroke-linecap=\"square\" stroke-width=\"1\" x1=\"26.607\" x2=\"23.071\" y1=\"26.607\" y2=\"23.071\" opacity=\"0.4\" stroke-linejoin=\"miter\"><\/line><line fill=\"none\" stroke=\"#C48E00\" stroke-linecap=\"square\" stroke-width=\"1\" x1=\"16\" x2=\"16\" y1=\"31\" y2=\"26\" opacity=\"0.4\" stroke-linejoin=\"miter\"><\/line><line fill=\"none\" stroke=\"#C48E00\" stroke-linecap=\"square\" stroke-width=\"1\" x1=\"5.393\" x2=\"8.929\" y1=\"26.607\" y2=\"23.071\" opacity=\"0.4\" stroke-linejoin=\"miter\"><\/line><line fill=\"none\" stroke=\"#C48E00\" stroke-linecap=\"square\" stroke-width=\"1\" x1=\"1\" x2=\"6\" y1=\"16\" y2=\"16\" opacity=\"0.4\" stroke-linejoin=\"miter\"><\/line><line fill=\"none\" stroke=\"#C48E00\" stroke-linecap=\"square\" stroke-width=\"1\" x1=\"5.393\" x2=\"8.929\" y1=\"5.393\" y2=\"8.929\" opacity=\"0.4\" stroke-linejoin=\"miter\"><\/line><line fill=\"none\" stroke=\"#C48E00\" stroke-linecap=\"square\" stroke-width=\"1\" x1=\"16\" x2=\"16\" y1=\"1\" y2=\"6\" opacity=\"0.6\" stroke-linejoin=\"miter\"><\/line><line fill=\"none\" stroke=\"#C48E00\" stroke-linecap=\"square\" stroke-width=\"1\" x1=\"26.607\" x2=\"23.071\" y1=\"5.393\" y2=\"8.929\" opacity=\"0.8\" stroke-linejoin=\"miter\"><\/line><\/g><style stroke-width=\"1\">.nc-loop-bars-rotate-32-icon-o{--animation-duration:0.8s;transform-origin:16px 16px;animation:nc-loop-bars-rotate-anim var(--animation-duration) infinite steps(8,jump-start)}@keyframes nc-loop-bars-rotate-anim{0%{transform:rotate(0)}100%{transform:rotate(360deg)}}<\/style><\/g><\/svg>\t\n                   \t\n                   \t\n                   \t\n                   \t\n                   \t\n                   \t\n                   \t\n                   \t\n                   \t\n\n                   \t\n      \n              <\/div>\n        \t\n\n      \n                                              <div>Loading...<\/div>\n                             <\/div>\n     <\/span>\n  \n    \n<\/div>\n<!-- end Load More \/ Infinite Scroll -->\t\t\t\t<\/div>\n\t\t\t\t<\/div>\n\t\t\t\t<\/div>\n\t\t\t\t\t<\/div>\n\t\t\t\t<\/div>\n\t\t\t\t<\/div>","protected":false},"excerpt":{"rendered":"<p>Pour sensibiliser le public belge aux enjeux de paix et de justice, nous utilisons divers leviers d&rsquo;actions : campagnes de sensibilisation,\u00a0 animations citoyennes,\u00a0etc. Nous nous assurons \u00e9galement une place r\u00e9guli\u00e8re dans les m\u00e9dias belges ! D\u00e9couvrez nos actions. Nos animations citoyennes Nous organisons de nombreux \u00e9v\u00e9nements sur les th\u00e9matiques ancr\u00e9es dans notre ADN.\u00a0Conf\u00e9rences grand public, [&hellip;]<\/p>\n","protected":false},"author":63,"featured_media":0,"parent":0,"menu_order":33,"comment_status":"closed","ping_status":"closed","template":"elementor_header_footer","meta":{"_acf_changed":false,"_seopress_robots_primary_cat":"","_seopress_titles_title":"","_seopress_titles_desc":"","_seopress_robots_index":"","footnotes":""},"class_list":["post-25132","page","type-page","status-publish","hentry"],"acf":[],"_links":{"self":[{"href":"https:\/\/www.justicepaix.be\/en\/wp-json\/wp\/v2\/pages\/25132","targetHints":{"allow":["GET"]}}],"collection":[{"href":"https:\/\/www.justicepaix.be\/en\/wp-json\/wp\/v2\/pages"}],"about":[{"href":"https:\/\/www.justicepaix.be\/en\/wp-json\/wp\/v2\/types\/page"}],"author":[{"embeddable":true,"href":"https:\/\/www.justicepaix.be\/en\/wp-json\/wp\/v2\/users\/63"}],"replies":[{"embeddable":true,"href":"https:\/\/www.justicepaix.be\/en\/wp-json\/wp\/v2\/comments?post=25132"}],"version-history":[{"count":5,"href":"https:\/\/www.justicepaix.be\/en\/wp-json\/wp\/v2\/pages\/25132\/revisions"}],"predecessor-version":[{"id":28368,"href":"https:\/\/www.justicepaix.be\/en\/wp-json\/wp\/v2\/pages\/25132\/revisions\/28368"}],"wp:attachment":[{"href":"https:\/\/www.justicepaix.be\/en\/wp-json\/wp\/v2\/media?parent=25132"}],"curies":[{"name":"wp","href":"https:\/\/api.w.org\/{rel}","templated":true}]}}