{"id":28723,"date":"2024-10-02T13:50:10","date_gmt":"2024-10-02T11:50:10","guid":{"rendered":"https:\/\/www.justicepaix.be\/?post_type=agenda&#038;p=28723"},"modified":"2024-10-31T16:10:47","modified_gmt":"2024-10-31T15:10:47","slug":"formation-crn","status":"publish","type":"agenda","link":"https:\/\/www.justicepaix.be\/en\/agenda\/formation-crn\/","title":{"rendered":"Formation citoyenne &#8211; Conflits &amp; ressources naturelles"},"content":{"rendered":"<p><\/p>\n\n\n\n<h2 class=\"wp-block-heading\">Pourquoi une formation sur les conflits et ressources naturelles ?<\/h2>\n\n\n\n<p>Les m\u00e9taux sont au c\u0153ur de nos \u00e9conomies. Ils jouent un r\u00f4le crucial dans plusieurs secteurs strat\u00e9giques tels de l\u2019\u00e9lectronique, de la sph\u00e8re num\u00e9rique, de la mobilit\u00e9, de la d\u00e9fense, de l\u2019a\u00e9rospatiale et d\u2019autres secteurs encore. Pourtant, leur utilisation excessive pose plusieurs probl\u00e8mes. L&rsquo;extraction de ces ressources n&rsquo;est pas sans cons\u00e9quences humaines et environnementales sur les populations et les \u00e9cosyst\u00e8mes des pays d&rsquo;extraction. Ensemble, explorons le lien entre conflits et ressources naturelles, en questionnant \u00e9galement nos modes de consommation.<\/p>\n\n\n\n<p><\/p>\n\n\n\n<h3 class=\"wp-block-heading\">D\u00e9roulement de la formation citoyenne<\/h3>\n\n\n\n<p>Alliant th\u00e9orie, d\u00e9bats et animation, cette journ\u00e9e de formation proposera des \u00e9l\u00e9ments sur la notion de m\u00e9taux, les \u00e9volutions g\u00e9n\u00e9rales de l&rsquo;extraction mini\u00e8re au vu des d\u00e9veloppements \u00e9conomiques actuels et ses cons\u00e9quences. Nous nous pencherons plus en d\u00e9tail sur deux cas particuliers, <strong>l\u2019Est de la R\u00e9publique d\u00e9mocratique du Congo et le P\u00e9rou,<\/strong> pour en saisir les r\u00e9alit\u00e9s et les cons\u00e9quences sur les populations et sur les \u00e9cosyst\u00e8mes. Enfin, nous trouverons, ensemble, des pistes d&rsquo;action citoyennes, mais aussi politiques pour repenser certains aspects de nos modes de vie.<\/p>\n\n\n\n<p><\/p>\n\n\n\n<h3 class=\"wp-block-heading\">Modules de la formation<\/h3>\n\n\n\n<ul class=\"wp-block-list\">\n<li>Introduction g\u00e9n\u00e9rale et enjeux des m\u00e9taux<\/li>\n\n\n\n<li>Focus sur la mine artisanale au Sud-Kivu (RD Congo).<\/li>\n\n\n\n<li>Focus sur le syst\u00e8me extractiviste au P\u00e9rou<\/li>\n\n\n\n<li>Quels changements politiques et citoyens ?<\/li>\n<\/ul>\n\n\n\n<p><\/p>\n\n\n\n<p><strong>Formateur\u00b7rices:<\/strong> Sarah Verriest &#8211; <a href=\"mailto:sarah.verriest@justicepaix.be\">sarah.verriest@justicepaix.be<\/a> et Mika\u00ebl Franssens &#8211; <a href=\"mailto:mikael.franssens@justicepaix.be\">mikael.franssens@justicepaix.be<\/a><\/p>\n\n\n\n<p><em>Des sandwiches, collations et boissons seront pr\u00e9vus lors de la formation. Par souci d&rsquo;organisation, l&rsquo;inscription est obligatoire.<\/em><\/p>\n\n\n\n<div class=\"wp-block-buttons is-content-justification-center is-layout-flex wp-container-core-buttons-is-layout-a89b3969 wp-block-buttons-is-layout-flex\">\n<div class=\"wp-block-button is-style-fill\"><a class=\"wp-block-button__link has-central-palette-6-color has-central-palette-1-background-color has-text-color has-background has-link-color wp-element-button\" href=\"https:\/\/www.justicepaix.be\/en\/inscription-crn\/\"><strong>INSCRIPTION ICI<\/strong><\/a><\/div>\n<\/div>\n\n\n\n<p><\/p>\n\n\n\n<p class=\"has-text-align-center\"><em>La semaine du 25 au 29 novembre 2024, nous organisons un marathon de formations citoyennes. Formez-vous \u00e0 nos c\u00f4t\u00e9s sur les th\u00e9matique de conflits internationaux, de conflits &amp; ressources naturelles, du travail de m\u00e9moire &amp; de d\u00e9colonisation, sur la citoyennet\u00e9 active (1 journ\u00e9e) ou participez \u00e0 l&rsquo;une de nos fresques : low-tech (1\/2 journ\u00e9e) et biodiversit\u00e9 (1\/2 journ\u00e9e).<\/em> <a href=\"https:\/\/www.justicepaix.be\/en\/agenda\/marathon-de-formations-justice-et-paix\/\"><em>Toutes les infos par ici<\/em><\/a>.<\/p>\n\n\n\n<p><\/p>","protected":false},"excerpt":{"rendered":"<p>Pourquoi une formation sur les conflits et ressources naturelles ? Les m\u00e9taux sont au c\u0153ur de nos \u00e9conomies. Ils jouent un r\u00f4le crucial dans plusieurs secteurs strat\u00e9giques tels de l\u2019\u00e9lectronique, de la sph\u00e8re num\u00e9rique, de la mobilit\u00e9, de la d\u00e9fense, de l\u2019a\u00e9rospatiale et d\u2019autres secteurs encore. Pourtant, leur utilisation excessive pose plusieurs probl\u00e8mes. L&rsquo;extraction de [&hellip;]<\/p>\n","protected":false},"featured_media":28728,"parent":0,"template":"","tags":[2811],"type-devenement":[3152],"class_list":["post-28723","agenda","type-agenda","status-publish","has-post-thumbnail","hentry","tag-ressources-naturelles","type-devenement-formation"],"acf":[],"_links":{"self":[{"href":"https:\/\/www.justicepaix.be\/en\/wp-json\/wp\/v2\/agenda\/28723","targetHints":{"allow":["GET"]}}],"collection":[{"href":"https:\/\/www.justicepaix.be\/en\/wp-json\/wp\/v2\/agenda"}],"about":[{"href":"https:\/\/www.justicepaix.be\/en\/wp-json\/wp\/v2\/types\/agenda"}],"version-history":[{"count":5,"href":"https:\/\/www.justicepaix.be\/en\/wp-json\/wp\/v2\/agenda\/28723\/revisions"}],"predecessor-version":[{"id":28864,"href":"https:\/\/www.justicepaix.be\/en\/wp-json\/wp\/v2\/agenda\/28723\/revisions\/28864"}],"wp:featuredmedia":[{"embeddable":true,"href":"https:\/\/www.justicepaix.be\/en\/wp-json\/wp\/v2\/media\/28728"}],"wp:attachment":[{"href":"https:\/\/www.justicepaix.be\/en\/wp-json\/wp\/v2\/media?parent=28723"}],"wp:term":[{"taxonomy":"post_tag","embeddable":true,"href":"https:\/\/www.justicepaix.be\/en\/wp-json\/wp\/v2\/tags?post=28723"},{"taxonomy":"type-devenement","embeddable":true,"href":"https:\/\/www.justicepaix.be\/en\/wp-json\/wp\/v2\/type-devenement?post=28723"}],"curies":[{"name":"wp","href":"https:\/\/api.w.org\/{rel}","templated":true}]}}