{"id":27222,"date":"2024-03-07T22:33:25","date_gmt":"2024-03-07T21:33:25","guid":{"rendered":"https:\/\/www.justicepaix.be\/?post_type=agenda&#038;p=27222"},"modified":"2024-04-02T10:00:28","modified_gmt":"2024-04-02T08:00:28","slug":"formation-citoyenne-decolonisation-entre-memoire-reconciliation","status":"publish","type":"agenda","link":"https:\/\/www.justicepaix.be\/en\/agenda\/formation-citoyenne-decolonisation-entre-memoire-reconciliation\/","title":{"rendered":"D\u00e9colonisation, entre m\u00e9moire &#038; r\u00e9conciliation &#8211; complet"},"content":{"rendered":"<p class=\"has-text-align-left has-medium-font-size\">Vous \u00eates confu\u00b7se lorsque les infos abordent la question d\u00e9coloniale ? <strong>Vous ne comprenez pas pourquoi, tout \u00e0 coup, la soci\u00e9t\u00e9 belge est polaris\u00e9e autour de cette probl\u00e9matique ?<\/strong> Vous souhaitez en savoir plus en abordant la question d\u2019un point de vue critique ? <\/p>\n\n\n\n<p>Nous vous proposons une formation d\u2019une journ\u00e9e durant <strong>laquelle nous nous pencherons sur le concept de d\u00e9colonisation en Belgique, <\/strong>en l\u2019interrogeant en tant qu\u2019enjeu de travail de m\u00e9moire.<\/p>\n\n\n\n<p>Mener un travail de m\u00e9moire sur un conflit, r\u00e9cent ou non, est crucial pour envisager la possibilit\u00e9 d\u2019une r\u00e9conciliation propice au vivre ensemble dans une soci\u00e9t\u00e9. Cette d\u00e9marche est \u00e9galement applicable <strong>\u00e0 des situations telles que le pass\u00e9 colonial,<\/strong> lequel r\u00e9veille des blessures bien ancr\u00e9es et questionne notre identit\u00e9 collective. <\/p>\n\n\n\n<p>Etant donn\u00e9 que la m\u00e9moire joue un r\u00f4le essentiel dans la pr\u00e9vention des conflits, <strong>parler du pass\u00e9 et d\u00e9construire les st\u00e9r\u00e9otypes dans des espaces de dialogue,<\/strong> en \u00e9tant critiques et \u00e0 l\u2019aide de grilles de lecture facilite la gestion des blessures du pass\u00e9 et favorise donc la construction d\u2019une soci\u00e9t\u00e9 inclusive.<\/p>\n\n\n\n<p><\/p>","protected":false},"excerpt":{"rendered":"<p>Vous \u00eates confu\u00b7se lorsque les infos abordent la question d\u00e9coloniale ? Vous ne comprenez pas pourquoi, tout \u00e0 coup, la soci\u00e9t\u00e9 belge est polaris\u00e9e autour de cette probl\u00e9matique ? Vous souhaitez en savoir plus en abordant la question d\u2019un point de vue critique ? Nous vous proposons une formation d\u2019une journ\u00e9e durant laquelle nous nous [&hellip;]<\/p>\n","protected":false},"featured_media":27615,"parent":0,"template":"","tags":[],"type-devenement":[3152],"class_list":["post-27222","agenda","type-agenda","status-publish","has-post-thumbnail","hentry","type-devenement-formation"],"acf":[],"_links":{"self":[{"href":"https:\/\/www.justicepaix.be\/en\/wp-json\/wp\/v2\/agenda\/27222","targetHints":{"allow":["GET"]}}],"collection":[{"href":"https:\/\/www.justicepaix.be\/en\/wp-json\/wp\/v2\/agenda"}],"about":[{"href":"https:\/\/www.justicepaix.be\/en\/wp-json\/wp\/v2\/types\/agenda"}],"version-history":[{"count":4,"href":"https:\/\/www.justicepaix.be\/en\/wp-json\/wp\/v2\/agenda\/27222\/revisions"}],"predecessor-version":[{"id":27693,"href":"https:\/\/www.justicepaix.be\/en\/wp-json\/wp\/v2\/agenda\/27222\/revisions\/27693"}],"wp:featuredmedia":[{"embeddable":true,"href":"https:\/\/www.justicepaix.be\/en\/wp-json\/wp\/v2\/media\/27615"}],"wp:attachment":[{"href":"https:\/\/www.justicepaix.be\/en\/wp-json\/wp\/v2\/media?parent=27222"}],"wp:term":[{"taxonomy":"post_tag","embeddable":true,"href":"https:\/\/www.justicepaix.be\/en\/wp-json\/wp\/v2\/tags?post=27222"},{"taxonomy":"type-devenement","embeddable":true,"href":"https:\/\/www.justicepaix.be\/en\/wp-json\/wp\/v2\/type-devenement?post=27222"}],"curies":[{"name":"wp","href":"https:\/\/api.w.org\/{rel}","templated":true}]}}