{"id":25842,"date":"2023-10-30T16:07:06","date_gmt":"2023-10-30T15:07:06","guid":{"rendered":"https:\/\/www.justicepaix.be\/?post_type=tribe_events&#038;p=25842"},"modified":"2024-03-07T23:29:57","modified_gmt":"2024-03-07T22:29:57","slug":"table-ronde-ville-et-ressources-minieres-vers-plus-de-justice-et-decologie","status":"publish","type":"agenda","link":"https:\/\/www.justicepaix.be\/en\/agenda\/table-ronde-ville-et-ressources-minieres-vers-plus-de-justice-et-decologie\/","title":{"rendered":"Round table \u2013 City and mining resources, towards more justice and ecology"},"content":{"rendered":"\n\n\n<p>Transition \u00e9nerg\u00e9tique, d\u00e9veloppement de la sph\u00e8re num\u00e9rique, poursuite de la croissance \u00e9conomique, armement, etc. autant d\u2019orientations qui entra\u00eenent une hausse importante de la consommation de m\u00e9taux &#8230; <strong>et donc de l\u2019activit\u00e9 mini\u00e8re<\/strong>,<strong> et des cons\u00e9quences que celle-ci entra\u00eene sur l&rsquo;environnement et les populations locales.<\/strong><\/p>\n\n\n\n<p><\/p>\n\n\n\n<p>Entraide &amp; Fraternit\u00e9 et Justice &amp; Paix vous proposent d&rsquo;en parler, lors d&rsquo;une table ronde citoyenne.<\/p>\n\n\n\n<ul class=\"wp-block-list\">\n<li>Qu\u2019est-ce que l\u2019activit\u00e9 mini\u00e8re&nbsp;? <\/li>\n\n\n\n<li>Quels probl\u00e8mes pose-t-elle au niveau global&nbsp;? <\/li>\n\n\n\n<li>Dans quelle logique s\u2019inscrit-elle&nbsp;? <\/li>\n\n\n\n<li>Quels sont ses effets sur les lieux m\u00eames de l\u2019extraction et notamment dans l\u2019Est de la R\u00e9publique du Congo&nbsp;? <\/li>\n\n\n\n<li><strong>Et, surtout, Que pouvons-nous y faire, nous, dans le cadre des politiques de la ville, telles que le logement, la mobilit\u00e9, l\u2019espace public, la culture, \u2026&nbsp;?<\/strong> Comment rendre la ville moins consommatrice de ressources, plus juste et plus \u00e9cologique&nbsp;?<\/li>\n<\/ul>\n\n\n\n<p><\/p>\n\n\n\n<p>Mika\u00ebl Franssens, charg\u00e9 de plaidoyer ressources naturelles chez Justice &amp; Paix et Benoit Schoemaeker, charg\u00e9 de campagne chez Entraide &amp; Fraternit\u00e9 vous accompagneront tout au long ce cette discussion aussi cruciale qu&rsquo;actuelle !<\/p>\n\n\n\n<p><strong>Int\u00e9ress\u00e9\u00b7e par ce sujet ? Inscrivez- vous via le formulaire ci-dessous et rejoignez-nous le 28 novembre 2023, de 18h30 \u00e0 20h30 dans les locaux d&rsquo;E&amp;F (rue du Gouvernement provisoire, 32 &#8211; 1000 Bruxelles) pour participer avec nous \u00e0 la table ronde<\/strong> ! <\/p>\n\n\n\n<p><\/p>\n\n\n\n<p class=\"has-large-font-size\" id=\"inscription\"><strong>Inscription obligatoire ici<\/strong><\/p>\n\n\n<div class=\"wpforms-container wpforms-container-full wpforms-block wpforms-block-f34809d0-70a5-4371-b1cf-ff74b405f78e wpforms-render-modern\" id=\"wpforms-25836\"><form id=\"wpforms-form-25836\" class=\"wpforms-validate wpforms-form wpforms-ajax-form\" data-formid=\"25836\" method=\"post\" enctype=\"multipart\/form-data\" action=\"\/en\/wp-json\/wp\/v2\/agenda\/25842\" data-token=\"9bf9953c9b780a4a2c3445b42d64bc14\" data-token-time=\"1777258850\"><noscript class=\"wpforms-error-noscript\">Please enable JavaScript in your browser to complete this form.<\/noscript><div id=\"wpforms-error-noscript\" style=\"display: none;\">Please enable JavaScript in your browser to complete this form.<\/div><div class=\"wpforms-field-container\"><div id=\"wpforms-25836-field_0-container\" class=\"wpforms-field wpforms-field-name\" data-field-id=\"0\"><fieldset><legend class=\"wpforms-field-label\">Nom <span class=\"wpforms-required-label\" aria-hidden=\"true\">*<\/span><\/legend><div class=\"wpforms-field-row wpforms-field-medium\"><div class=\"wpforms-field-row-block wpforms-first wpforms-one-half\"><input type=\"text\" id=\"wpforms-25836-field_0\" class=\"wpforms-field-name-first wpforms-field-required\" name=\"wpforms[fields][0][first]\" aria-errormessage=\"wpforms-25836-field_0-error\" required><label for=\"wpforms-25836-field_0\" class=\"wpforms-field-sublabel after\">First<\/label><\/div><div class=\"wpforms-field-row-block wpforms-one-half\"><input type=\"text\" id=\"wpforms-25836-field_0-last\" class=\"wpforms-field-name-last wpforms-field-required\" name=\"wpforms[fields][0][last]\" aria-errormessage=\"wpforms-25836-field_0-last-error\" required><label for=\"wpforms-25836-field_0-last\" class=\"wpforms-field-sublabel after\">Last<\/label><\/div><\/div><\/fieldset><\/div><div id=\"wpforms-25836-field_1-container\" class=\"wpforms-field wpforms-field-email\" data-field-id=\"1\"><label class=\"wpforms-field-label\" for=\"wpforms-25836-field_1\">E-mail <span class=\"wpforms-required-label\" aria-hidden=\"true\">*<\/span><\/label><input type=\"email\" id=\"wpforms-25836-field_1\" class=\"wpforms-field-medium wpforms-field-required\" name=\"wpforms[fields][1]\" spellcheck=\"false\" aria-errormessage=\"wpforms-25836-field_1-error\" required><\/div><div id=\"wpforms-25836-field_3-container\" class=\"wpforms-field wpforms-field-radio\" data-field-id=\"3\"><fieldset><legend class=\"wpforms-field-label\">Newsletter<\/legend><ul id=\"wpforms-25836-field_3\"><li class=\"choice-1 depth-1\"><input type=\"radio\" id=\"wpforms-25836-field_3_1\" name=\"wpforms[fields][3]\" value=\"Je souhaite recevoir la newsletter mensuelle de Justice &amp; Paix, et \u00eatre tenu\u00b7e au courant des prochains \u00e9v\u00e9nements et formations\" aria-errormessage=\"wpforms-25836-field_3_1-error\"  ><label class=\"wpforms-field-label-inline\" for=\"wpforms-25836-field_3_1\">Je souhaite recevoir la newsletter mensuelle de Justice &amp; Paix, et \u00eatre tenu\u00b7e au courant des prochains \u00e9v\u00e9nements et formations<\/label><\/li><\/ul><\/fieldset><\/div><\/div><!-- .wpforms-field-container --><div class=\"wpforms-submit-container\" ><input type=\"hidden\" name=\"wpforms[id]\" value=\"25836\"><input type=\"hidden\" name=\"page_title\" value=\"\"><input type=\"hidden\" name=\"page_url\" value=\"https:\/\/www.justicepaix.be\/en\/wp-json\/wp\/v2\/agenda\/25842\"><input type=\"hidden\" name=\"url_referer\" value=\"\"><button type=\"submit\" name=\"wpforms[submit]\" id=\"wpforms-submit-25836\" class=\"wpforms-submit\" data-alt-text=\"Envoi...\" data-submit-text=\"Envoyer\" aria-live=\"assertive\" value=\"wpforms-submit\">Envoyer<\/button><img decoding=\"async\" src=\"https:\/\/www.justicepaix.be\/wp-content\/plugins\/wpforms\/assets\/images\/submit-spin.svg\" class=\"wpforms-submit-spinner\" style=\"display: none;\" width=\"26\" height=\"26\" alt=\"Loading\"><\/div><\/form><\/div>  <!-- .wpforms-container -->\n\n\n<p><\/p>\n\n\n\n\n\n\n\n\n\n\n","protected":false},"excerpt":{"rendered":"<p>Take part in the citizens\u2019 round table \u201cCity and natural resources, towards more justice and ecology? \u00bb<\/p>","protected":false},"featured_media":25853,"parent":0,"template":"","tags":[],"type-devenement":[],"class_list":["post-25842","agenda","type-agenda","status-publish","has-post-thumbnail","hentry"],"acf":[],"_links":{"self":[{"href":"https:\/\/www.justicepaix.be\/en\/wp-json\/wp\/v2\/agenda\/25842","targetHints":{"allow":["GET"]}}],"collection":[{"href":"https:\/\/www.justicepaix.be\/en\/wp-json\/wp\/v2\/agenda"}],"about":[{"href":"https:\/\/www.justicepaix.be\/en\/wp-json\/wp\/v2\/types\/agenda"}],"version-history":[{"count":1,"href":"https:\/\/www.justicepaix.be\/en\/wp-json\/wp\/v2\/agenda\/25842\/revisions"}],"predecessor-version":[{"id":27288,"href":"https:\/\/www.justicepaix.be\/en\/wp-json\/wp\/v2\/agenda\/25842\/revisions\/27288"}],"wp:featuredmedia":[{"embeddable":true,"href":"https:\/\/www.justicepaix.be\/en\/wp-json\/wp\/v2\/media\/25853"}],"wp:attachment":[{"href":"https:\/\/www.justicepaix.be\/en\/wp-json\/wp\/v2\/media?parent=25842"}],"wp:term":[{"taxonomy":"post_tag","embeddable":true,"href":"https:\/\/www.justicepaix.be\/en\/wp-json\/wp\/v2\/tags?post=25842"},{"taxonomy":"type-devenement","embeddable":true,"href":"https:\/\/www.justicepaix.be\/en\/wp-json\/wp\/v2\/type-devenement?post=25842"}],"curies":[{"name":"wp","href":"https:\/\/api.w.org\/{rel}","templated":true}]}}